{"id":709,"date":"2015-03-05T08:35:52","date_gmt":"2015-03-05T08:35:52","guid":{"rendered":"http:\/\/www.ovoda.abdaiak.hu\/?page_id=709"},"modified":"2026-02-25T07:48:25","modified_gmt":"2026-02-25T07:48:25","slug":"nevelesi-ev-rendje","status":"publish","type":"page","link":"https:\/\/www.mezeskalacs-ovoda.hu\/?page_id=709","title":{"rendered":"Nevel\u00e9si \u00e9v rendje"},"content":{"rendered":"\t\t<div data-elementor-type=\"wp-page\" data-elementor-id=\"709\" class=\"elementor elementor-709\">\n\t\t\t\t\t\t<div class=\"elementor-inner\">\n\t\t\t\t<div class=\"elementor-section-wrap\">\n\t\t\t\t\t\t\t\t\t<section class=\"elementor-section elementor-top-section elementor-element elementor-element-20090dfb elementor-section-boxed elementor-section-height-default elementor-section-height-default\" data-id=\"20090dfb\" data-element_type=\"section\">\n\t\t\t\t\t\t<div class=\"elementor-container elementor-column-gap-default\">\n\t\t\t\t\t\t\t<div class=\"elementor-row\">\n\t\t\t\t\t<div class=\"elementor-column elementor-col-100 elementor-top-column elementor-element elementor-element-48ed53e8\" data-id=\"48ed53e8\" data-element_type=\"column\">\n\t\t\t<div class=\"elementor-column-wrap elementor-element-populated\">\n\t\t\t\t\t\t\t<div class=\"elementor-widget-wrap\">\n\t\t\t\t\t\t<div class=\"elementor-element elementor-element-147b4c52 elementor-widget elementor-widget-text-editor\" data-id=\"147b4c52\" data-element_type=\"widget\" data-widget_type=\"text-editor.default\">\n\t\t\t\t<div class=\"elementor-widget-container\">\n\t\t\t\t\t\t\t\t<div class=\"elementor-text-editor elementor-clearfix\">\n\t\t\t\t<p><a href=\"http:\/\/www.mezeskalacs-ovoda.hu\/wp-content\/uploads\/2015\/03\/can-stock-photo_csp7498887.jpg\"><img loading=\"lazy\" class=\"size-thumbnail wp-image-764 aligncenter\" style=\"float: left;\" src=\"http:\/\/www.mezeskalacs-ovoda.hu\/wp-content\/uploads\/2015\/03\/can-stock-photo_csp7498887-150x150.jpg\" alt=\"can-stock-photo_csp7498887\" width=\"150\" height=\"150\" \/><\/a><span style=\"font-size: 16px;\"><span style=\"font-family: times new roman,times,serif;\"><span style=\"font-size: 20px;\"><strong>\u00a0\u00a0\u00a0\u00a0\u00a0\u00a0\u00a0\u00a0\u00a0\u00a0\u00a0\u00a0\u00a0\u00a0\u00a0\u00a0\u00a0\u00a0 A nevel\u00e9si \u00e9v rendje<\/strong><\/span><\/span><\/span><\/p><p style=\"text-align: center;\"><span style=\"font-size: 16px;\"><span style=\"font-family: times new roman,times,serif;\">\u00a0\u00a0\u00a0<\/span><\/span>Az \u00f3vodai nevel\u00e9si \u00e9v <strong>2025.<\/strong> <strong>szeptember 1-t\u0151l <\/strong>a k\u00f6vetkez\u0151 \u00e9v <strong>2026.<\/strong> <strong>augusztus 31-ig<\/strong> tart.<\/p><p style=\"text-align: center;\">A szorgalmi id\u0151szak 2025. szeptember 1-t\u0151l 2026. j\u00fanius 19-ig tart.<\/p><p style=\"text-align: center;\">A ny\u00e1ri nevel\u00e9si id\u0151szak 2026. j\u00fanius 20-t\u00f3l augusztus 31-ig tart.<\/p><p style=\"text-align: center;\">Az iskolai sz\u00fcnetek ideje alatt (\u0151szi, tavaszi), amennyiben a gyermekl\u00e9tsz\u00e1m indokolja, a csoportok \u00f6sszevontan m\u0171k\u00f6dnek.<\/p><p style=\"text-align: left;\">A ny\u00e1ri karbantart\u00e1si sz\u00fcnet a fenntart\u00f3val \u00e9s a tag\u00f3vod\u00e1kkal egyeztetett id\u0151pontban 4 h\u00e9t, b\u00f6lcs\u0151d\u00e9ben 3 h\u00e9t.<\/p><p style=\"text-align: left;\">\u00d3vod\u00e1nkban a ny\u00e1ri karbantart\u00e1si sz\u00fcnet tervezett id\u0151pontja:<\/p><p style=\"text-align: left;\">M\u00e9zeskal\u00e1cs K\u00f6rzeti Napk\u00f6zi Otthonos \u00d3voda Abda:<\/p><ul style=\"text-align: left;\"><li>2026. augusztus 03-28-ig<\/li><\/ul><p style=\"text-align: left;\">B\u00f6lcs\u0151de Abda:<\/p><ul style=\"text-align: left;\"><li>2026. augusztus 10-28-ig<\/li><\/ul><p style=\"text-align: left;\">Pitypang Napk\u00f6zi Otthonos Tag\u00f3voda B\u00f6rcs:<\/p><ul style=\"text-align: left;\"><li>2026. j\u00fanius 22- j\u00falius 17-ig<\/li><\/ul><p style=\"text-align: left;\">Napsug\u00e1r Napk\u00f6zi Otthonos Tag\u00f3voda Ikr\u00e9ny:<\/p><ul style=\"text-align: left;\"><li>2026. j\u00falius 06- j\u00falius 31-ig<\/li><\/ul><p style=\"text-align: left;\">Ig\u00e9ny eset\u00e9n a gyermekek fel\u00fcgyelet\u00e9t \u00f3vod\u00e1inkban k\u00f6lcs\u00f6n\u00f6sen biztos\u00edtjuk.<\/p><p style=\"text-align: left;\">\u00c1thelyezett munkanapok:<\/p><ul style=\"text-align: left;\"><li>2025. 10.18. szombat (10.24. p\u00e9ntek helyett)<\/li><li>2025. 12.13. szombat (12.24. szerda helyett)<\/li><li>2026. 01.10. szombat (01.02. p\u00e9ntek helyett)<\/li><\/ul><p style=\"text-align: left;\">Nevel\u00e9s n\u00e9lk\u00fcli munkanap:<\/p><ul style=\"text-align: left;\"><li>2025. november 14\u2013 pedag\u00f3gusok eg\u00e9sz napos k\u00e9pz\u00e9sen vesznek r\u00e9szt.<\/li><li>2026.03.16- pedag\u00f3gus tov\u00e1bbk\u00e9pz\u00e9s<\/li><li>2026. m\u00e1jus 15 &#8211; nevel\u0151test\u00fcleti kir\u00e1ndul\u00e1s.<\/li><\/ul><p style=\"text-align: left;\">Ig\u00e9nybev\u00e9tel\u00e9nek id\u0151pontj\u00e1r\u00f3l a sz\u00fcl\u0151ket id\u0151ben, minimum 7 nappal el\u0151tte t\u00e1j\u00e9koztatjuk.<\/p><p style=\"text-align: center;\">Az \u00f3vodai beiratkoz\u00e1st a t\u00e1rgy\u00e9v \u00e1prilis 20-a \u00e9s m\u00e1jus 20-a k\u00f6z\u00f6tt kell megtartani. Legal\u00e1bb 30 nappal a beiratkoz\u00e1s el\u0151tt nyilv\u00e1noss\u00e1gra hozunk az \u00f3voda honlapj\u00e1n, facebook oldal\u00e1n, ABDAI H\u00cdR-LAPOK-ban \u00e9s hirdetm\u00e9nyek form\u00e1j\u00e1ban.<\/p>\t\t\t\t\t<\/div>\n\t\t\t\t\t\t<\/div>\n\t\t\t\t<\/div>\n\t\t\t\t\t\t<\/div>\n\t\t\t\t\t<\/div>\n\t\t<\/div>\n\t\t\t\t\t\t\t\t<\/div>\n\t\t\t\t\t<\/div>\n\t\t<\/section>\n\t\t\t\t\t\t\t\t\t<\/div>\n\t\t\t<\/div>\n\t\t\t\t\t<\/div>\n\t\t","protected":false},"excerpt":{"rendered":"<div class=\"mh-excerpt\"><p>\u00a0\u00a0\u00a0\u00a0\u00a0\u00a0\u00a0\u00a0\u00a0\u00a0\u00a0\u00a0\u00a0\u00a0\u00a0\u00a0\u00a0\u00a0 A nevel\u00e9si \u00e9v rendje \u00a0\u00a0\u00a0Az \u00f3vodai nevel\u00e9si \u00e9v 2025. szeptember 1-t\u0151l a k\u00f6vetkez\u0151 \u00e9v 2026. augusztus 31-ig tart. A szorgalmi id\u0151szak 2025. szeptember 1-t\u0151l <a class=\"mh-excerpt-more\" href=\"https:\/\/www.mezeskalacs-ovoda.hu\/?page_id=709\" title=\"Nevel\u00e9si \u00e9v rendje\">[&#8230;]<\/a><\/p>\n<\/div>","protected":false},"author":5,"featured_media":0,"parent":0,"menu_order":0,"comment_status":"open","ping_status":"open","template":"","meta":[],"_links":{"self":[{"href":"https:\/\/www.mezeskalacs-ovoda.hu\/index.php?rest_route=\/wp\/v2\/pages\/709"}],"collection":[{"href":"https:\/\/www.mezeskalacs-ovoda.hu\/index.php?rest_route=\/wp\/v2\/pages"}],"about":[{"href":"https:\/\/www.mezeskalacs-ovoda.hu\/index.php?rest_route=\/wp\/v2\/types\/page"}],"author":[{"embeddable":true,"href":"https:\/\/www.mezeskalacs-ovoda.hu\/index.php?rest_route=\/wp\/v2\/users\/5"}],"replies":[{"embeddable":true,"href":"https:\/\/www.mezeskalacs-ovoda.hu\/index.php?rest_route=%2Fwp%2Fv2%2Fcomments&post=709"}],"version-history":[{"count":63,"href":"https:\/\/www.mezeskalacs-ovoda.hu\/index.php?rest_route=\/wp\/v2\/pages\/709\/revisions"}],"predecessor-version":[{"id":2834,"href":"https:\/\/www.mezeskalacs-ovoda.hu\/index.php?rest_route=\/wp\/v2\/pages\/709\/revisions\/2834"}],"wp:attachment":[{"href":"https:\/\/www.mezeskalacs-ovoda.hu\/index.php?rest_route=%2Fwp%2Fv2%2Fmedia&parent=709"}],"curies":[{"name":"wp","href":"https:\/\/api.w.org\/{rel}","templated":true}]}}