{"id":621,"date":"2015-03-03T17:30:37","date_gmt":"2015-03-03T17:30:37","guid":{"rendered":"http:\/\/www.ovoda.abdaiak.hu\/?page_id=621"},"modified":"2026-02-25T08:28:27","modified_gmt":"2026-02-25T08:28:27","slug":"etkezes","status":"publish","type":"page","link":"https:\/\/www.mezeskalacs-ovoda.hu\/?page_id=621","title":{"rendered":"\u00c9tkez\u00e9s"},"content":{"rendered":"\t\t<div data-elementor-type=\"wp-page\" data-elementor-id=\"621\" class=\"elementor elementor-621\">\n\t\t\t\t\t\t<div class=\"elementor-inner\">\n\t\t\t\t<div class=\"elementor-section-wrap\">\n\t\t\t\t\t\t\t\t\t<section class=\"elementor-section elementor-top-section elementor-element elementor-element-ae61ccb elementor-section-boxed elementor-section-height-default elementor-section-height-default\" data-id=\"ae61ccb\" data-element_type=\"section\">\n\t\t\t\t\t\t<div class=\"elementor-container elementor-column-gap-default\">\n\t\t\t\t\t\t\t<div class=\"elementor-row\">\n\t\t\t\t\t<div class=\"elementor-column elementor-col-100 elementor-top-column elementor-element elementor-element-d4ed195\" data-id=\"d4ed195\" data-element_type=\"column\">\n\t\t\t<div class=\"elementor-column-wrap elementor-element-populated\">\n\t\t\t\t\t\t\t<div class=\"elementor-widget-wrap\">\n\t\t\t\t\t\t<div class=\"elementor-element elementor-element-08e7ca8 elementor-widget elementor-widget-text-editor\" data-id=\"08e7ca8\" data-element_type=\"widget\" data-widget_type=\"text-editor.default\">\n\t\t\t\t<div class=\"elementor-widget-container\">\n\t\t\t\t\t\t\t\t<div class=\"elementor-text-editor elementor-clearfix\">\n\t\t\t\t<header class=\"entry-header\" style=\"font-style: normal; font-variant-ligatures: normal; font-variant-caps: normal; font-weight: 400; font-size: 14px; font-family: 'Open Sans', Helvetica, Arial, sans-serif; color: #000000;\"><\/header><div class=\"entry-content mh-clearfix\" style=\"font-style: normal; font-variant-ligatures: normal; font-variant-caps: normal; font-weight: 400; font-size: 14px; font-family: 'Open Sans', Helvetica, Arial, sans-serif; color: #000000;\"><div class=\"elementor elementor-621\" data-elementor-type=\"wp-page\" data-elementor-id=\"621\"><div class=\"elementor-inner\"><div class=\"elementor-section-wrap\"><section class=\"elementor-section elementor-top-section elementor-element elementor-element-376c2e08 elementor-section-boxed elementor-section-height-default elementor-section-height-default\" style=\"--flex-direction: initial; --flex-wrap: initial; --justify-content: initial; --align-items: initial; --align-content: initial; --gap: initial; --flex-basis: initial; --flex-grow: initial; --flex-shrink: initial; --order: initial; --align-self: initial; flex-direction: var(--flex-direction); flex-wrap: var(--flex-wrap); -webkit-box-pack: var(--justify-content); justify-content: var(--justify-content); -webkit-box-align: var(--align-items); align-items: var(--align-items); align-content: var(--align-content); gap: var(--gap); flex-basis: var(--flex-basis); -webkit-box-flex: var(--flex-grow); flex-grow: var(--flex-grow); flex-shrink: var(--flex-shrink); -webkit-box-ordinal-group: var(--order); order: var(--order); align-self: var(--align-self); --widgets-spacing: 20px;\" data-id=\"376c2e08\" data-element_type=\"section\"><div class=\"elementor-container elementor-column-gap-default\"><div class=\"elementor-row\" style=\"width: 678.047px;\"><div class=\"elementor-column elementor-col-100 elementor-top-column elementor-element elementor-element-995b01b\" style=\"--flex-direction: initial; --flex-wrap: initial; --justify-content: initial; --align-items: initial; --align-content: initial; --gap: initial; --flex-basis: initial; --flex-grow: initial; --flex-shrink: initial; --order: initial; --align-self: initial; flex-direction: var(--flex-direction); flex-wrap: var(--flex-wrap); -webkit-box-pack: var(--justify-content); justify-content: var(--justify-content); -webkit-box-align: var(--align-items); align-items: var(--align-items); align-content: var(--align-content); gap: var(--gap); flex-basis: var(--flex-basis); -webkit-box-flex: var(--flex-grow); flex-grow: var(--flex-grow); flex-shrink: var(--flex-shrink); -webkit-box-ordinal-group: var(--order); order: var(--order); align-self: var(--align-self); --widgets-spacing: 20px; width: 678.047px;\" data-id=\"995b01b\" data-element_type=\"column\"><div class=\"elementor-column-wrap elementor-element-populated\" style=\"width: 678.047px;\"><div class=\"elementor-widget-wrap\" style=\"width: 678.047px;\"><div class=\"elementor-element elementor-element-7a8599e3 elementor-widget elementor-widget-text-editor\" style=\"font-weight: var( --e-global-typography-text-font-weight ); font-family: var( --e-global-typography-text-font-family ), Sans-serif; --flex-direction: initial; --flex-wrap: initial; --justify-content: initial; --align-items: initial; --align-content: initial; --gap: initial; --flex-basis: initial; --flex-grow: initial; --flex-shrink: initial; --order: initial; --align-self: initial; flex-direction: var(--flex-direction); flex-wrap: var(--flex-wrap); -webkit-box-pack: var(--justify-content); justify-content: var(--justify-content); -webkit-box-align: var(--align-items); align-items: var(--align-items); align-content: var(--align-content); gap: var(--gap); flex-basis: var(--flex-basis); -webkit-box-flex: var(--flex-grow); flex-grow: var(--flex-grow); flex-shrink: var(--flex-shrink); -webkit-box-ordinal-group: var(--order); order: var(--order); align-self: var(--align-self); --widgets-spacing: 20px; width: 658.047px;\" data-id=\"7a8599e3\" data-element_type=\"widget\" data-widget_type=\"text-editor.default\"><div class=\"elementor-widget-container\"><div class=\"elementor-text-editor elementor-clearfix\"><p align=\"center\"><strong style=\"color: var( --e-global-color-text );\"><a title=\"\" href=\"http:\/\/www.mezeskalacs-ovoda.hu\/wp-content\/uploads\/2015\/03\/maganovoda_etkezes1.png\" target=\"\" rel=\"noopener noreferrer\"><img loading=\"lazy\" class=\"alignnone size-full wp-image-739\" title=\"\" src=\"http:\/\/www.mezeskalacs-ovoda.hu\/wp-content\/uploads\/2015\/03\/maganovoda_etkezes1.png\" alt=\"maganovoda_etkezes1\" width=\"\" height=\"\" srcset=\"https:\/\/www.mezeskalacs-ovoda.hu\/wp-content\/uploads\/2015\/03\/maganovoda_etkezes1.png 831w, https:\/\/www.mezeskalacs-ovoda.hu\/wp-content\/uploads\/2015\/03\/maganovoda_etkezes1-300x100.png 300w\" sizes=\"(max-width: 831px) 100vw, 831px\" \/><\/a><\/strong><\/p><p><strong>A gyermekek k\u00f6z\u00fcl kik jogosultak ingyenesen \u00e9tkezni a b\u00f6lcs\u0151d\u00e9ben \u00e9s az \u00f3vod\u00e1ban?<\/strong><\/p><ul><li>a rendszeres gyermekv\u00e9delmi kedvezm\u00e9nyben r\u00e9szes\u00fcl\u0151 gyermekek<\/li><li>tart\u00f3san beteg vagy fogyat\u00e9koss\u00e1ggal \u00e9l\u0151 gyermekek<\/li><li>azok az eg\u00e9szs\u00e9ges gyermekek, akiknek a csal\u00e1dban nevelked\u0151 testv\u00e9re \u2013 f\u00fcggetlen\u00fcl az \u00e9letkor\u00e1t\u00f3l \u2013 tart\u00f3san beteg vagy fogyat\u00e9kos<\/li><li>akiknek a csal\u00e1dj\u00e1ban h\u00e1rom vagy t\u00f6bb gyermeket nevelnek<\/li><li>akiknek a nevel\u00e9sbe v\u00e9tel\u00e9t rendelte el a gy\u00e1mhat\u00f3s\u00e1g<\/li><li>akiknek a csal\u00e1dj\u00e1ban az egy f\u0151re jut\u00f3 j\u00f6vedelem nem haladja meg a k\u00f6telez\u0151 legkisebb munkab\u00e9r szem\u00e9lyi j\u00f6vedelemad\u00f3val, munkav\u00e1llal\u00f3i, eg\u00e9szs\u00e9gbiztos\u00edt\u00e1si \u00e9s nyugd\u00edjj\u00e1rul\u00e9kkal cs\u00f6kkentett, azaz nett\u00f3 \u00f6sszeg\u00e9nek 130 %-\u00e1t (2025. \u00e9vben 251.397 Ft-ot)<\/li><\/ul><p><strong>Ki ig\u00e9nyelheti az ingyenes gyermek\u00e9tkeztet\u00e9st?<\/strong><\/p><ul><li>a b\u00f6lcs\u0151d\u00e9be, \u00f3vod\u00e1ba j\u00e1r\u00f3 gyermek sz\u00fcl\u0151je (el\u00e9g csak az egyik sz\u00fcl\u0151)<\/li><li>a b\u00f6lcs\u0151d\u00e9be, \u00f3vod\u00e1ba j\u00e1r\u00f3 gyermek csal\u00e1dba fogad\u00f3 gy\u00e1mja<\/li><li>a nevel\u00e9sbe vett b\u00f6lcs\u0151d\u00e9be, \u00f3vod\u00e1ba j\u00e1r\u00f3 gyermek nevel\u0151sz\u00fcl\u0151je, vagy ha az \u00e9rintett gyermek gyermekotthonba nevelkedik, a gyermekotthon vezet\u0151je<\/li><\/ul><p><strong>Hogyan lehet ig\u00e9nyelni az ingyenes gyermek\u00e9tkez\u00e9st?<\/strong><\/p><p>A szem\u00e9lyes gondoskod\u00e1st ny\u00fajt\u00f3 gyermekj\u00f3l\u00e9ti alapell\u00e1t\u00e1sok \u00e9s gyermekv\u00e9delmi szakell\u00e1t\u00e1sok t\u00e9r\u00edt\u00e9si d\u00edj\u00e1r\u00f3l \u00e9s az ig\u00e9nyl\u00e9s\u00fckh\u00f6z felhaszn\u00e1lhat\u00f3 bizony\u00edt\u00e9kokr\u00f3l sz\u00f3l\u00f3 328\/2011. (XII.29.) Korm\u00e1nyrendelet 6. mell\u00e9klete szerinti nyilatkozattal.<\/p><p><strong>Mivel kell igazolni, hogy valaki jogosult az ingyenes gyermek\u00e9tkeztet\u00e9sre?<\/strong><\/p><p>Az ingyenes b\u00f6lcs\u0151dei, \u00f3vodai \u00e9tkeztet\u00e9s ig\u00e9nybev\u00e9tel\u00e9hez elegend\u0151 a \u00a0nyilatkozat beny\u00fajt\u00e1sa, semmilyen egy\u00e9b dokumentumot nem kell csatolni.<\/p><p>A nyilatkozat, amin ig\u00e9nyelhetik az ingyenes \u00e9tkez\u00e9st, itt let\u00f6lthet\u0151 \u25ba<\/p><\/div><\/div><\/div><\/div><\/div><\/div><\/div><\/div><\/section><\/div><\/div><\/div><\/div>\t\t\t\t\t<\/div>\n\t\t\t\t\t\t<\/div>\n\t\t\t\t<\/div>\n\t\t\t\t<div class=\"elementor-element elementor-element-f2dc87e elementor-widget elementor-widget-button\" data-id=\"f2dc87e\" data-element_type=\"widget\" data-widget_type=\"button.default\">\n\t\t\t\t<div class=\"elementor-widget-container\">\n\t\t\t\t\t<div class=\"elementor-button-wrapper\">\n\t\t\t<a href=\"http:\/\/www.mezeskalacs-ovoda.hu\/wp-content\/uploads\/2026\/02\/NYILATKOZAT-etkezeshez.pdf\" target=\"_blank\" class=\"elementor-button-link elementor-button elementor-size-sm\" role=\"button\">\n\t\t\t\t\t\t<span class=\"elementor-button-content-wrapper\">\n\t\t\t\t\t\t\t<span class=\"elementor-button-icon elementor-align-icon-left\">\n\t\t\t\t<i aria-hidden=\"true\" class=\"far fa-address-book\"><\/i>\t\t\t<\/span>\n\t\t\t\t\t\t<span class=\"elementor-button-text\">NYILATKOZAT \u00e9tkez\u00e9shez - let\u00f6lt\u00e9s<\/span>\n\t\t<\/span>\n\t\t\t\t\t<\/a>\n\t\t<\/div>\n\t\t\t\t<\/div>\n\t\t\t\t<\/div>\n\t\t\t\t\t\t<\/div>\n\t\t\t\t\t<\/div>\n\t\t<\/div>\n\t\t\t\t\t\t\t\t<\/div>\n\t\t\t\t\t<\/div>\n\t\t<\/section>\n\t\t\t\t<section class=\"elementor-section elementor-top-section elementor-element elementor-element-376c2e08 elementor-section-boxed elementor-section-height-default elementor-section-height-default\" data-id=\"376c2e08\" data-element_type=\"section\">\n\t\t\t\t\t\t<div class=\"elementor-container elementor-column-gap-default\">\n\t\t\t\t\t\t\t<div class=\"elementor-row\">\n\t\t\t\t\t<div class=\"elementor-column elementor-col-100 elementor-top-column elementor-element elementor-element-995b01b\" data-id=\"995b01b\" data-element_type=\"column\">\n\t\t\t<div class=\"elementor-column-wrap elementor-element-populated\">\n\t\t\t\t\t\t\t<div class=\"elementor-widget-wrap\">\n\t\t\t\t\t\t<div class=\"elementor-element elementor-element-7a8599e3 elementor-widget elementor-widget-text-editor\" data-id=\"7a8599e3\" data-element_type=\"widget\" data-widget_type=\"text-editor.default\">\n\t\t\t\t<div class=\"elementor-widget-container\">\n\t\t\t\t\t\t\t\t<div class=\"elementor-text-editor elementor-clearfix\">\n\t\t\t\t<p>\u00d3vod\u00e1nkban \u00e9s B\u00f6lcs\u0151d\u00e9nkben az \u00e9tkez\u00e9st a\u00a0<strong>R\u00c1BAK\u00c9SZ KFT<\/strong>\u00a0biztos\u00edtja a gyermekek sz\u00e1m\u00e1ra.<\/p><p><strong>A befizet\u00e9sek rendje:<\/strong><\/p><p><strong>A befizet\u00e9s ut\u00f3lag t\u00f6rt\u00e9nik banki \u00e1tutal\u00e1ssal. A befizet\u00e9s id\u0151pontj\u00e1r\u00f3l, valamint a befizetend\u0151 \u00f6sszegr\u0151l a sz\u00fcl\u0151k emailban kapnak \u00e9rtes\u00edt\u00e9st.<br \/>A befizet\u00e9s id\u0151tartama 2 nap.<br \/>Az \u00f3vod\u00e1s \u00e9s b\u00f6lcs\u0151d\u00e9s gyermek \u00e9tkez\u00e9si t\u00e9r\u00edt\u00e9si d\u00edja 2025. janu\u00e1r 1-t\u0151l: <em>985 Ft\/f\u0151\/nap, a di\u00e9t\u00e1s \u00e9tkez\u00e9si t\u00e9r\u00edt\u00e9si d\u00edja 1.340 Ft\/f\u0151\/nap<br \/><\/em><\/strong><\/p><hr \/><p align=\"center\"><strong><u>Az \u00f3vodai, b\u00f6lcs\u0151dei \u00e9tkez\u00e9s lemond\u00e1s\u00e1val kapcsolatos inform\u00e1ci\u00f3k:<\/u><\/strong><\/p><p>Az \u00f3vodai, b\u00f6lcs\u0151dei \u00e9tkez\u00e9st a gyermek hi\u00e1nyz\u00e1sa miatt lehet lemondani.<br \/><em>A nyilv\u00e1ntart\u00f3 f\u00fczet a bej\u00e1rati ajt\u00f3 mellett tal\u00e1lhat\u00f3!<\/em><\/p><p>1. Lemondani az aznapi \u00e9tkez\u00e9st nem lehet.<br \/>Az eb\u00e9d, a t\u00edz\u00f3rai \u00e9s az uzsonna<strong>\u00a011.30 \u2013 13.00 \u00f3r\u00e1ig elvihet\u0151<\/strong>\u00a0\u2013 ha ezt a \u00a0t\u00e9nyt a sz\u00fcl\u0151 reggel 8 \u00f3r\u00e1ig \u00a0jelzi. Ha az elvitel sz\u00e1nd\u00e9k\u00e1t nem jelenti be, az \u00e9tel a gyermek csoportj\u00e1ban kioszt\u00e1sra ker\u00fcl.<br \/><strong>Eb\u00e9det elvinni csak a hi\u00e1nyz\u00e1s els\u0151 napj\u00e1n lehet<\/strong>. Gyermekeink \u00e9tkez\u00e9se \u00e1llamilag t\u00e1mogatott, int\u00e9zm\u00e9nyi \u00e9tkeztet\u00e9sre vonatkozik, ez\u00e9rt folyamatos elvitelre nincs lehet\u0151s\u00e9g.<\/p><p><strong>2. A lemond\u00e1s sz\u00e1nd\u00e9k\u00e1t el\u0151z\u0151 nap 9. 30-ig lehet jelezni<\/strong>, mert a k\u00f6vetkez\u0151 napi adag sz\u00e1mot \u2013 a k\u00f6zponti ell\u00e1t\u00f3ba\u00a0\u00a0\u00a0\u00a0\u00a0\u00a0\u00a0\u00a0\u00a0 el\u0151z\u0151 nap 10 \u00f3r\u00e1ig le kell adnunk. M\u00f3dos\u00edt\u00e1sra nincs lehet\u0151s\u00e9g\u00fcnk. A h\u00e9tf\u0151i eb\u00e9det p\u00e9nteken 9. 30-ig lehet lemondani.<\/p><p>3. A di\u00e9t\u00e1s \u00e9tkez\u0151k sz\u00e1m\u00e1ra az \u00e9tkez\u00e9s lemond\u00e1s\u00e1ra 8.30-ig van lehet\u0151s\u00e9g.<\/p><p>4. K\u00e9rj\u00fck, hogy a lemond\u00e1st a bej\u00e1ratn\u00e1l elhelyezett f\u00fczetbe a minta szerint \u00edrj\u00e1k be. A gyakori f\u00e9lre\u00e9rt\u00e9sek elker\u00fcl\u00e9se miatt k\u00e9rj\u00fck, a hi\u00e1nyz\u00e1st\u00a0 \u00edgy jel\u00f6lje:\u00a0 <strong>H\u00a0<\/strong>\/hi\u00e1nyzik\/<\/p><p><em>P\u00e9lda: \u00a0a gyermek 02.05, 02.06, 02.07-\u00e9n, h\u00e9tf\u0151n, kedden, szerd\u00e1n nem j\u00f6n \u00f3vod\u00e1ba:<\/em><\/p><table border=\"1\" cellspacing=\"0\" cellpadding=\"0\"><tbody><tr><td><p><em>A gyermek neve:<\/em><\/p><\/td><td><p><em>H\u00e9tf\u0151<\/em><\/p><p><em>02.05<\/em><\/p><\/td><td><p><em>Kedd<\/em><\/p><p><em>02.06<\/em><\/p><\/td><td><p><em>Szerda<\/em><\/p><p><em>02.07<\/em><\/p><\/td><td><p><em>Cs\u00fct\u00f6rt\u00f6k<\/em><\/p><p><em>02.08.<\/em><\/p><\/td><td><p><em>P\u00e9ntek<\/em><\/p><p><em>02.09.<\/em><\/p><\/td><td><p><em>A bejelent\u0151 al\u00e1\u00edr\u00e1sa<\/em><\/p><\/td><\/tr><tr><td><p><em>Nagy D\u00f3ra<\/em><\/p><\/td><td><p><em>H<\/em><\/p><\/td><td><p><em>H<\/em><\/p><\/td><td><p><em>H<\/em><\/p><\/td><td><p><em>+<\/em><\/p><\/td><td><p><em>+<\/em><\/p><\/td><td><p><em>Nagyn\u00e9 Kiss \u00c9v<\/em><\/p><\/td><\/tr><\/tbody><\/table><p><em>A p\u00e9lda alapj\u00e1n gyermeket febru\u00e1r 08-\u00e1n \/cs\u00fct\u00f6rt\u00f6k\u00f6n\/ jelenlev\u0151nek tekintj\u00fck, eb\u00e9dj\u00e9t megrendelj\u00fck!<\/em><\/p><p><em>Amennyiben a gyermek hi\u00e1nyz\u00e1sa folyamatoss\u00e1 v\u00e1lik, teh\u00e1t febru\u00e1r 08-09-\u00e9n sem k\u00e9r \u00f3vodai \u00e9tkez\u00e9st, febru\u00e1r 07-\u00e9n reggel 9. 30-ig, a nyilv\u00e1ntart\u00f3 f\u00fczet \u00faj<u>\u00a0sor\u00e1ban\u00a0<\/u>a lemond\u00e1st ism\u00e9t fel kell t\u00fcntetni.<\/em><\/p><p>5.\u00a0 Ha a gyermek \u00e9tkez\u00e9s\u00e9t lemondt\u00e1k, \u00e9s a gyermek m\u00e9gis j\u00f6n, korrig\u00e1lni el\u0151z\u0151 nap 9.30-ig lehet. Ebben az esetben sz\u00f3beli bejelent\u00e9st, egyeztet\u00e9st k\u00e9r\u00fcnk. A v\u00e1ltoz\u00e1st mi dokument\u00e1ljuk, ezt a f\u00fczetben ne jel\u00f6lj\u00e9k!<\/p><p>6. Az \u00e9tkez\u00e9s lemond\u00e1sa lehets\u00e9ges telefonon: <strong>06-96\/350-349<\/strong><\/p><p>vagy az al\u00e1bbi e-mailc\u00edmen:<\/p><p><a href=\"mailto:abdaovodaetkezes@gmail.com\"><strong>abdaovodaetkezes@gmail.com<\/strong><\/a><\/p><p>Amennyiben a gyermek \u00e9tkez\u00e9s\u00e9t lemondt\u00e1k, sz\u00f3ban nem egyeztettek, \u00e9s ennek ellen\u00e9re m\u00e9gis \u00f3vod\u00e1ba j\u00f6n, rajtunk k\u00edv\u00fcl \u00e1ll\u00f3 ok miatt nem tudunk \u00e9telt biztos\u00edtani sz\u00e1m\u00e1ra.<\/p><p><u>7.\u00a0 A\u00a0 lemond\u00e1si szab\u00e1lyok a t\u00e9r\u00edt\u00e9smentesen, 100% \u00e1llami kedvezm\u00e9nnyel \u00e9tkez\u0151 \u00a0gyermekekre is vonatkoznak.<\/u><br \/>A kedvezm\u00e9ny szigor\u00fa felt\u00e9telhez k\u00f6t\u00f6tt, ez\u00e9rt k\u00e9rj\u00fck, amint a csal\u00e1d anyagi helyzet\u00e9ben v\u00e1ltoz\u00e1s k\u00f6vetkezik be, azt azonnal jelezz\u00e9k.<br \/>100%-os kedvezm\u00e9nnyel \u00e9tkez\u0151 gyermekek sz\u00fcleinek k\u00f6teless\u00e9g\u00fck minden alkalommal jelezni gyermek\u00fck hi\u00e1nyz\u00e1s\u00e1t, mert az \u00e1llami normat\u00edva csak arra a napra j\u00e1r, amikor a gyermek \u00f3vod\u00e1ban van.<br \/>A lemond\u00e1sok elmarad\u00e1sa eset\u00e9n a kedvezm\u00e9ny jogosults\u00e1g\u00e1nak fel\u00fclvizsg\u00e1lata is lehets\u00e9ges.<\/p><p>A \u00f6t napn\u00e1l hosszabb, el\u0151re l\u00e1that\u00f3, \u00e9s el\u0151re nem l\u00e1that\u00f3 hi\u00e1nyz\u00e1sokat, a h\u00e1zirend szerint a csoportvezet\u0151 \u00f3v\u00f3n\u0151kn\u00e9l is jelezni kell, ill. a f\u0151igazgat\u00f3nak \u00edr\u00e1sban be kell jelenteni. (T\u00e1volmarad\u00e1si k\u00e9relem)<\/p><p><u>Az \u00e9tkez\u00e9si ig\u00e9ny els\u0151 napj\u00e1t ilyen esetben ugyancsak el\u0151z\u0151 nap 9.30-ig, be kell jelenteni.<\/u><\/p><p>8.\u00a0 Az alacsony l\u00e9tsz\u00e1m eset\u00e9n, csoport\u00f6sszevon\u00e1sn\u00e1l, a fali\u00fajs\u00e1gon szerepl\u0151 ig\u00e9nyfelm\u00e9r\u00e9s szerint rendelj\u00fck meg az adagsz\u00e1mot, ebben az esetben a f\u00fczetbe k\u00fcl\u00f6n be\u00edrni nem sz\u00fcks\u00e9ges.<\/p><p>Amennyiben lehets\u00e9ges, k\u00e9rj\u00fck e-mailban tegy\u00e9k meg az \u00e9tkez\u00e9s lemond\u00e1s\u00e1t.<\/p><p align=\"center\"><strong><u>A lemond\u00e1sr\u00f3l els\u0151sorban a sz\u00fcl\u0151nek kell gondoskodni, mert a lemond\u00e1s elmarad\u00e1s\u00e1t k\u00f6zvet\u00edt\u0151 szem\u00e9lyt\u0151l sz\u00e1mon k\u00e9rni mindk\u00e9t f\u00e9lnek kellemetlen, ez\u00e9rt senki nem v\u00e1llalja a felel\u0151ss\u00e9get.<\/u><\/strong><\/p>\t\t\t\t\t<\/div>\n\t\t\t\t\t\t<\/div>\n\t\t\t\t<\/div>\n\t\t\t\t\t\t<\/div>\n\t\t\t\t\t<\/div>\n\t\t<\/div>\n\t\t\t\t\t\t\t\t<\/div>\n\t\t\t\t\t<\/div>\n\t\t<\/section>\n\t\t\t\t<section class=\"elementor-section elementor-top-section elementor-element elementor-element-1bd803b elementor-section-boxed elementor-section-height-default elementor-section-height-default\" data-id=\"1bd803b\" data-element_type=\"section\">\n\t\t\t\t\t\t<div class=\"elementor-container elementor-column-gap-default\">\n\t\t\t\t\t\t\t<div class=\"elementor-row\">\n\t\t\t\t\t<div class=\"elementor-column elementor-col-100 elementor-top-column elementor-element elementor-element-ba77b07\" data-id=\"ba77b07\" data-element_type=\"column\">\n\t\t\t<div class=\"elementor-column-wrap elementor-element-populated\">\n\t\t\t\t\t\t\t<div class=\"elementor-widget-wrap\">\n\t\t\t\t\t\t<div class=\"elementor-element elementor-element-3e84058 elementor-widget elementor-widget-button\" data-id=\"3e84058\" data-element_type=\"widget\" data-widget_type=\"button.default\">\n\t\t\t\t<div class=\"elementor-widget-container\">\n\t\t\t\t\t<div class=\"elementor-button-wrapper\">\n\t\t\t<a href=\"http:\/\/www.mezeskalacs-ovoda.hu\/wp-content\/uploads\/2026\/02\/SZULOI-KERELEM-5-NAPNAL-HOSSZABB-TAVOLMARADASHOZ.pdf\" target=\"_blank\" class=\"elementor-button-link elementor-button elementor-size-sm\" role=\"button\">\n\t\t\t\t\t\t<span class=\"elementor-button-content-wrapper\">\n\t\t\t\t\t\t\t<span class=\"elementor-button-icon elementor-align-icon-left\">\n\t\t\t\t<i aria-hidden=\"true\" class=\"far fa-address-book\"><\/i>\t\t\t<\/span>\n\t\t\t\t\t\t<span class=\"elementor-button-text\">T\u00e1volmarad\u00e1si k\u00e9relem-LET\u00d6LT\u00c9S<\/span>\n\t\t<\/span>\n\t\t\t\t\t<\/a>\n\t\t<\/div>\n\t\t\t\t<\/div>\n\t\t\t\t<\/div>\n\t\t\t\t\t\t<\/div>\n\t\t\t\t\t<\/div>\n\t\t<\/div>\n\t\t\t\t\t\t\t\t<\/div>\n\t\t\t\t\t<\/div>\n\t\t<\/section>\n\t\t\t\t\t\t\t\t\t<\/div>\n\t\t\t<\/div>\n\t\t\t\t\t<\/div>\n\t\t","protected":false},"excerpt":{"rendered":"<div class=\"mh-excerpt\"><p>A gyermekek k\u00f6z\u00fcl kik jogosultak ingyenesen \u00e9tkezni a b\u00f6lcs\u0151d\u00e9ben \u00e9s az \u00f3vod\u00e1ban? a rendszeres gyermekv\u00e9delmi kedvezm\u00e9nyben r\u00e9szes\u00fcl\u0151 gyermekek tart\u00f3san beteg vagy fogyat\u00e9koss\u00e1ggal \u00e9l\u0151 gyermekek azok <a class=\"mh-excerpt-more\" href=\"https:\/\/www.mezeskalacs-ovoda.hu\/?page_id=621\" title=\"\u00c9tkez\u00e9s\">[&#8230;]<\/a><\/p>\n<\/div>","protected":false},"author":1,"featured_media":0,"parent":0,"menu_order":0,"comment_status":"open","ping_status":"open","template":"","meta":[],"_links":{"self":[{"href":"https:\/\/www.mezeskalacs-ovoda.hu\/index.php?rest_route=\/wp\/v2\/pages\/621"}],"collection":[{"href":"https:\/\/www.mezeskalacs-ovoda.hu\/index.php?rest_route=\/wp\/v2\/pages"}],"about":[{"href":"https:\/\/www.mezeskalacs-ovoda.hu\/index.php?rest_route=\/wp\/v2\/types\/page"}],"author":[{"embeddable":true,"href":"https:\/\/www.mezeskalacs-ovoda.hu\/index.php?rest_route=\/wp\/v2\/users\/1"}],"replies":[{"embeddable":true,"href":"https:\/\/www.mezeskalacs-ovoda.hu\/index.php?rest_route=%2Fwp%2Fv2%2Fcomments&post=621"}],"version-history":[{"count":115,"href":"https:\/\/www.mezeskalacs-ovoda.hu\/index.php?rest_route=\/wp\/v2\/pages\/621\/revisions"}],"predecessor-version":[{"id":2862,"href":"https:\/\/www.mezeskalacs-ovoda.hu\/index.php?rest_route=\/wp\/v2\/pages\/621\/revisions\/2862"}],"wp:attachment":[{"href":"https:\/\/www.mezeskalacs-ovoda.hu\/index.php?rest_route=%2Fwp%2Fv2%2Fmedia&parent=621"}],"curies":[{"name":"wp","href":"https:\/\/api.w.org\/{rel}","templated":true}]}}