{"id":423,"date":"2014-12-04T08:06:41","date_gmt":"2014-12-04T08:06:41","guid":{"rendered":"http:\/\/www.ovoda.abdaiak.hu\/?page_id=423"},"modified":"2024-09-28T07:15:09","modified_gmt":"2024-09-28T07:15:09","slug":"munkatarsak-javitott-2","status":"publish","type":"page","link":"https:\/\/www.mezeskalacs-ovoda.hu\/?page_id=423","title":{"rendered":"Munkat\u00e1rsak"},"content":{"rendered":"\t\t<div data-elementor-type=\"wp-page\" data-elementor-id=\"423\" class=\"elementor elementor-423\">\n\t\t\t\t\t\t<div class=\"elementor-inner\">\n\t\t\t\t<div class=\"elementor-section-wrap\">\n\t\t\t\t\t\t\t\t\t<section class=\"elementor-section elementor-top-section elementor-element elementor-element-79bb5900 elementor-section-boxed elementor-section-height-default elementor-section-height-default\" data-id=\"79bb5900\" data-element_type=\"section\">\n\t\t\t\t\t\t<div class=\"elementor-container elementor-column-gap-default\">\n\t\t\t\t\t\t\t<div class=\"elementor-row\">\n\t\t\t\t\t<div class=\"elementor-column elementor-col-100 elementor-top-column elementor-element elementor-element-6ffaaaea\" data-id=\"6ffaaaea\" data-element_type=\"column\">\n\t\t\t<div class=\"elementor-column-wrap elementor-element-populated\">\n\t\t\t\t\t\t\t<div class=\"elementor-widget-wrap\">\n\t\t\t\t\t\t<div class=\"elementor-element elementor-element-56220494 elementor-widget elementor-widget-text-editor\" data-id=\"56220494\" data-element_type=\"widget\" data-widget_type=\"text-editor.default\">\n\t\t\t\t<div class=\"elementor-widget-container\">\n\t\t\t\t\t\t\t\t<div class=\"elementor-text-editor elementor-clearfix\">\n\t\t\t\t<table style=\"width: 600px;\" border=\"0\" cellspacing=\"10\" cellpadding=\"0\"><tbody><tr><td><p style=\"text-align: center;\"><a href=\"http:\/\/www.mezeskalacs-ovoda.hu\/wp-content\/uploads\/2018\/02\/DSC09708-Nagyn\u00e9-Szekeres-M\u00e1rta-\u00f3vodapedag\u00f3gus.jpg\"><img loading=\"lazy\" class=\"size-medium wp-image-1627 aligncenter\" src=\"http:\/\/www.mezeskalacs-ovoda.hu\/wp-content\/uploads\/2018\/02\/DSC09708-Nagyn\u00e9-Szekeres-M\u00e1rta-\u00f3vodapedag\u00f3gus-200x300.jpg\" alt=\"DSC09708 Nagyn\u00e9 Szekeres M\u00e1rta \u00f3vodapedag\u00f3gus\" width=\"200\" height=\"300\" srcset=\"https:\/\/www.mezeskalacs-ovoda.hu\/wp-content\/uploads\/2018\/02\/DSC09708-Nagyn\u00e9-Szekeres-M\u00e1rta-\u00f3vodapedag\u00f3gus-200x300.jpg 200w, https:\/\/www.mezeskalacs-ovoda.hu\/wp-content\/uploads\/2018\/02\/DSC09708-Nagyn\u00e9-Szekeres-M\u00e1rta-\u00f3vodapedag\u00f3gus.jpg 600w\" sizes=\"(max-width: 200px) 100vw, 200px\" \/><\/a><strong>Nagyn\u00e9 Szekeres M\u00e1rta<br \/>f\u0151igazgat\u00f3<br \/><\/strong><\/p><\/td><td><p style=\"text-align: center;\"><a href=\"http:\/\/www.mezeskalacs-ovoda.hu\/wp-content\/uploads\/2018\/02\/DSC09795-Ferenczyn\u00e9-Gomb\u00e1s-Gy\u00f6ngyi-\u00f3vodatitk\u00e1r.jpg\"><img loading=\"lazy\" class=\"size-medium wp-image-1634 aligncenter\" src=\"http:\/\/www.mezeskalacs-ovoda.hu\/wp-content\/uploads\/2018\/02\/DSC09795-Ferenczyn\u00e9-Gomb\u00e1s-Gy\u00f6ngyi-\u00f3vodatitk\u00e1r-200x300.jpg\" alt=\"DSC09795 Ferenczyn\u00e9 Gomb\u00e1s Gy\u00f6ngyi \u00f3vodatitk\u00e1r\" width=\"200\" height=\"300\" srcset=\"https:\/\/www.mezeskalacs-ovoda.hu\/wp-content\/uploads\/2018\/02\/DSC09795-Ferenczyn\u00e9-Gomb\u00e1s-Gy\u00f6ngyi-\u00f3vodatitk\u00e1r-200x300.jpg 200w, https:\/\/www.mezeskalacs-ovoda.hu\/wp-content\/uploads\/2018\/02\/DSC09795-Ferenczyn\u00e9-Gomb\u00e1s-Gy\u00f6ngyi-\u00f3vodatitk\u00e1r.jpg 600w\" sizes=\"(max-width: 200px) 100vw, 200px\" \/><\/a><strong>Ferenczyn\u00e9 Gomb\u00e1s Gy\u00f6ngyi<br \/>\u00f3vodatitk\u00e1r<\/strong><\/p><\/td><\/tr><tr><td style=\"height: 40px; text-align: center;\" colspan=\"2\"><span style=\"line-height: 32px; font-size: 20px;\">\u00d3vodapedag\u00f3gusok<\/span><\/td><\/tr><tr><td style=\"height: 40px; text-align: center;\" colspan=\"2\"><span style=\"text-align: center; line-height: 32px; font-size: 20px;\">Margar\u00e9ta csoport<\/span><\/td><\/tr><tr><td style=\"text-align: center;\"><a href=\"http:\/\/www.mezeskalacs-ovoda.hu\/wp-content\/uploads\/2018\/02\/DSC09778-Sink\u00f3n\u00e9-Meszl\u00e9nyi-Ildik\u00f3-int\u00e9zm\u00e9nyvezet\u0151-helyettes.jpg\"><img loading=\"lazy\" class=\"size-medium wp-image-1633 aligncenter\" src=\"http:\/\/www.mezeskalacs-ovoda.hu\/wp-content\/uploads\/2018\/02\/DSC09778-Sink\u00f3n\u00e9-Meszl\u00e9nyi-Ildik\u00f3-int\u00e9zm\u00e9nyvezet\u0151-helyettes-200x300.jpg\" alt=\"DSC09778 Sink\u00f3n\u00e9 Meszl\u00e9nyi Ildik\u00f3 int\u00e9zm\u00e9nyvezet\u0151 helyettes\" width=\"200\" height=\"300\" srcset=\"https:\/\/www.mezeskalacs-ovoda.hu\/wp-content\/uploads\/2018\/02\/DSC09778-Sink\u00f3n\u00e9-Meszl\u00e9nyi-Ildik\u00f3-int\u00e9zm\u00e9nyvezet\u0151-helyettes-200x300.jpg 200w, https:\/\/www.mezeskalacs-ovoda.hu\/wp-content\/uploads\/2018\/02\/DSC09778-Sink\u00f3n\u00e9-Meszl\u00e9nyi-Ildik\u00f3-int\u00e9zm\u00e9nyvezet\u0151-helyettes.jpg 600w\" sizes=\"(max-width: 200px) 100vw, 200px\" \/><\/a><strong>Sink\u00f3n\u00e9 Meszl\u00e9nyi Ildik\u00f3<br \/>f\u0151igazgat\u00f3 helyettes<\/strong><\/td><td style=\"text-align: center;\"><p><a href=\"http:\/\/www.mezeskalacs-ovoda.hu\/?attachment_id=1626\" rel=\"attachment wp-att-1626\"><img loading=\"lazy\" class=\"aligncenter wp-image-1626 size-medium\" src=\"http:\/\/www.mezeskalacs-ovoda.hu\/wp-content\/uploads\/2018\/02\/DSC09704-L\u00e1z\u00e1r-Barbara-\u00f3vodapedag\u00f3gus-200x300.jpg\" alt=\"\" width=\"200\" height=\"300\" srcset=\"https:\/\/www.mezeskalacs-ovoda.hu\/wp-content\/uploads\/2018\/02\/DSC09704-L\u00e1z\u00e1r-Barbara-\u00f3vodapedag\u00f3gus-200x300.jpg 200w, https:\/\/www.mezeskalacs-ovoda.hu\/wp-content\/uploads\/2018\/02\/DSC09704-L\u00e1z\u00e1r-Barbara-\u00f3vodapedag\u00f3gus.jpg 600w\" sizes=\"(max-width: 200px) 100vw, 200px\" \/><\/a><strong><span style=\"color: #999999;\">L\u00e1z\u00e1r Barbara<\/span><strong><br \/><\/strong><\/strong><\/p><\/td><\/tr><tr><td style=\"text-align: center;\" colspan=\"2\"><span style=\"text-align: center; line-height: 32px; font-size: 20px;\">Bogl\u00e1rka csoport<\/span><\/td><\/tr><tr><td style=\"text-align: center;\"><a href=\"http:\/\/www.mezeskalacs-ovoda.hu\/wp-content\/uploads\/2018\/02\/DSC09820-B\u00e9rin\u00e9-Aradi-Borb\u00e1la-\u00f3vodapedag\u00f3gus.jpg\"><img loading=\"lazy\" class=\"size-medium wp-image-1636 aligncenter\" src=\"http:\/\/www.mezeskalacs-ovoda.hu\/wp-content\/uploads\/2018\/02\/DSC09820-B\u00e9rin\u00e9-Aradi-Borb\u00e1la-\u00f3vodapedag\u00f3gus-200x300.jpg\" alt=\"DSC09820 B\u00e9rin\u00e9 Aradi Borb\u00e1la \u00f3vodapedag\u00f3gus\" width=\"200\" height=\"300\" srcset=\"https:\/\/www.mezeskalacs-ovoda.hu\/wp-content\/uploads\/2018\/02\/DSC09820-B\u00e9rin\u00e9-Aradi-Borb\u00e1la-\u00f3vodapedag\u00f3gus-200x300.jpg 200w, https:\/\/www.mezeskalacs-ovoda.hu\/wp-content\/uploads\/2018\/02\/DSC09820-B\u00e9rin\u00e9-Aradi-Borb\u00e1la-\u00f3vodapedag\u00f3gus.jpg 600w\" sizes=\"(max-width: 200px) 100vw, 200px\" \/><\/a><strong>B\u00e9rin\u00e9 Aradi Borb\u00e1la<\/strong><\/td><td style=\"text-align: center;\"><strong>Szili-Feh\u00e9rv\u00e1ri Gerda<br \/><\/strong><\/td><\/tr><tr><td style=\"text-align: center;\" colspan=\"2\"><span style=\"text-align: center; line-height: 32px; font-size: 20px;\">Napraforg\u00f3 csoport<\/span><\/td><\/tr><tr><td style=\"text-align: center;\"><a href=\"http:\/\/www.mezeskalacs-ovoda.hu\/wp-content\/uploads\/2014\/12\/DSC059741.jpg\"><img loading=\"lazy\" class=\"size-medium wp-image-1796 aligncenter\" src=\"http:\/\/www.mezeskalacs-ovoda.hu\/wp-content\/uploads\/2014\/12\/DSC059741-200x300.jpg\" alt=\"DSC05974\" width=\"200\" height=\"300\" srcset=\"https:\/\/www.mezeskalacs-ovoda.hu\/wp-content\/uploads\/2014\/12\/DSC059741-200x300.jpg 200w, https:\/\/www.mezeskalacs-ovoda.hu\/wp-content\/uploads\/2014\/12\/DSC059741-683x1024.jpg 683w\" sizes=\"(max-width: 200px) 100vw, 200px\" \/><\/a><strong>Bakos M\u00e1ria<\/strong><\/td><td style=\"text-align: center;\"><a href=\"http:\/\/www.mezeskalacs-ovoda.hu\/wp-content\/uploads\/2018\/02\/DSC09768-N\u00e9meth-Attil\u00e1n\u00e9-M\u00e1rti-\u00f3vodapedag\u00f3gus.jpg\"><img loading=\"lazy\" class=\"size-medium wp-image-1632 aligncenter\" src=\"http:\/\/www.mezeskalacs-ovoda.hu\/wp-content\/uploads\/2018\/02\/DSC09768-N\u00e9meth-Attil\u00e1n\u00e9-M\u00e1rti-\u00f3vodapedag\u00f3gus-200x300.jpg\" alt=\"DSC09768 N\u00e9meth Attil\u00e1n\u00e9 M\u00e1rti \u00f3vodapedag\u00f3gus\" width=\"200\" height=\"300\" srcset=\"https:\/\/www.mezeskalacs-ovoda.hu\/wp-content\/uploads\/2018\/02\/DSC09768-N\u00e9meth-Attil\u00e1n\u00e9-M\u00e1rti-\u00f3vodapedag\u00f3gus-200x300.jpg 200w, https:\/\/www.mezeskalacs-ovoda.hu\/wp-content\/uploads\/2018\/02\/DSC09768-N\u00e9meth-Attil\u00e1n\u00e9-M\u00e1rti-\u00f3vodapedag\u00f3gus.jpg 600w\" sizes=\"(max-width: 200px) 100vw, 200px\" \/><\/a><strong>N\u00e9meth Attil\u00e1n\u00e9 M\u00e1rti<\/strong><\/td><\/tr><tr><td style=\"text-align: center;\" colspan=\"2\"><span style=\"text-align: center; line-height: 32px; font-size: 20px;\">Tulip\u00e1n csoport<\/span><\/td><\/tr><tr><td style=\"text-align: center;\"><a href=\"http:\/\/www.mezeskalacs-ovoda.hu\/wp-content\/uploads\/2018\/02\/DSC09718-Stumpfel-K\u00e1rolyn\u00e9-Zsuzsi-\u00f3vodapedag\u00f3gus.jpg\"><img loading=\"lazy\" class=\"size-medium wp-image-1628 aligncenter\" src=\"http:\/\/www.mezeskalacs-ovoda.hu\/wp-content\/uploads\/2018\/02\/DSC09718-Stumpfel-K\u00e1rolyn\u00e9-Zsuzsi-\u00f3vodapedag\u00f3gus-200x300.jpg\" alt=\"DSC09718 Stumpfel K\u00e1rolyn\u00e9 Zsuzsi \u00f3vodapedag\u00f3gus\" width=\"200\" height=\"300\" srcset=\"https:\/\/www.mezeskalacs-ovoda.hu\/wp-content\/uploads\/2018\/02\/DSC09718-Stumpfel-K\u00e1rolyn\u00e9-Zsuzsi-\u00f3vodapedag\u00f3gus-200x300.jpg 200w, https:\/\/www.mezeskalacs-ovoda.hu\/wp-content\/uploads\/2018\/02\/DSC09718-Stumpfel-K\u00e1rolyn\u00e9-Zsuzsi-\u00f3vodapedag\u00f3gus.jpg 600w\" sizes=\"(max-width: 200px) 100vw, 200px\" \/><\/a><strong>Stumpfel K\u00e1rolyn\u00e9 Zsuzsi<\/strong><\/td><td style=\"text-align: center;\"><p><a href=\"http:\/\/www.mezeskalacs-ovoda.hu\/?attachment_id=1862\" rel=\"attachment wp-att-1862\"><img loading=\"lazy\" class=\"aligncenter wp-image-1862 size-medium\" src=\"http:\/\/www.mezeskalacs-ovoda.hu\/wp-content\/uploads\/2014\/12\/DSC09960ps-N\u00e9methn\u00e9-Balogh-Eszter-200x300.jpg\" alt=\"\" width=\"200\" height=\"300\" srcset=\"https:\/\/www.mezeskalacs-ovoda.hu\/wp-content\/uploads\/2014\/12\/DSC09960ps-N\u00e9methn\u00e9-Balogh-Eszter-200x300.jpg 200w, https:\/\/www.mezeskalacs-ovoda.hu\/wp-content\/uploads\/2014\/12\/DSC09960ps-N\u00e9methn\u00e9-Balogh-Eszter-684x1024.jpg 684w\" sizes=\"(max-width: 200px) 100vw, 200px\" \/><\/a><strong>Balogh Eszter<br \/><\/strong><\/p><\/td><\/tr><tr><td style=\"text-align: center;\" colspan=\"2\"><span style=\"text-align: center; line-height: 32px; font-size: 20px;\">Pitypang csoport<\/span><\/td><\/tr><tr><td style=\"text-align: center;\">Altrichtern\u00e9 M\u00e1rkus Gy\u00f6ngyi<strong><br \/><\/strong><\/td><td style=\"text-align: center;\"><p><a href=\"http:\/\/www.mezeskalacs-ovoda.hu\/?attachment_id=2120\" rel=\"attachment wp-att-2120\"><img loading=\"lazy\" class=\"alignnone size-medium wp-image-2120\" src=\"http:\/\/www.mezeskalacs-ovoda.hu\/wp-content\/uploads\/2021\/12\/DSC02047ps-200x300.jpg\" alt=\"\" width=\"200\" height=\"300\" srcset=\"https:\/\/www.mezeskalacs-ovoda.hu\/wp-content\/uploads\/2021\/12\/DSC02047ps-200x300.jpg 200w, https:\/\/www.mezeskalacs-ovoda.hu\/wp-content\/uploads\/2021\/12\/DSC02047ps-684x1024.jpg 684w, https:\/\/www.mezeskalacs-ovoda.hu\/wp-content\/uploads\/2021\/12\/DSC02047ps-768x1150.jpg 768w, https:\/\/www.mezeskalacs-ovoda.hu\/wp-content\/uploads\/2021\/12\/DSC02047ps-1026x1536.jpg 1026w, https:\/\/www.mezeskalacs-ovoda.hu\/wp-content\/uploads\/2021\/12\/DSC02047ps-1368x2048.jpg 1368w, https:\/\/www.mezeskalacs-ovoda.hu\/wp-content\/uploads\/2021\/12\/DSC02047ps-scaled.jpg 1710w\" sizes=\"(max-width: 200px) 100vw, 200px\" \/><\/a><\/p><p><strong>Szili-Br\u00e1nyi Karolina<br \/><\/strong><\/p><\/td><\/tr><tr><td style=\"text-align: center;\" colspan=\"2\"><span style=\"line-height: 32px; font-size: 20px;\">Pedag\u00f3giai asszisztens<\/span><\/td><\/tr><tr><td><p style=\"text-align: center;\"><strong><a href=\"http:\/\/www.mezeskalacs-ovoda.hu\/?attachment_id=2518\" rel=\"attachment wp-att-2518\"><img loading=\"lazy\" class=\"size-medium wp-image-2518 aligncenter\" src=\"http:\/\/www.mezeskalacs-ovoda.hu\/wp-content\/uploads\/2023\/11\/DSC00954-200x300.jpg\" alt=\"\" width=\"200\" height=\"300\" srcset=\"https:\/\/www.mezeskalacs-ovoda.hu\/wp-content\/uploads\/2023\/11\/DSC00954-200x300.jpg 200w, https:\/\/www.mezeskalacs-ovoda.hu\/wp-content\/uploads\/2023\/11\/DSC00954.jpg 600w\" sizes=\"(max-width: 200px) 100vw, 200px\" \/><\/a><\/strong><strong>Sashegyi M\u00f3nika<br \/><\/strong><\/p><\/td><td style=\"text-align: center;\">\u00a0<\/td><\/tr><tr><td style=\"text-align: center;\" colspan=\"2\"><span style=\"line-height: 32px; font-size: 20px;\">Dajk\u00e1k<\/span><\/td><\/tr><tr><td style=\"text-align: center;\"><a href=\"http:\/\/www.mezeskalacs-ovoda.hu\/wp-content\/uploads\/2018\/02\/DSC09667-D\u00e9k\u00e1ny-Tam\u00e1sn\u00e9-Ingrid-dajka.jpg\"><img loading=\"lazy\" class=\"size-medium wp-image-1623 aligncenter\" src=\"http:\/\/www.mezeskalacs-ovoda.hu\/wp-content\/uploads\/2018\/02\/DSC09667-D\u00e9k\u00e1ny-Tam\u00e1sn\u00e9-Ingrid-dajka-200x300.jpg\" alt=\"DSC09667 D\u00e9k\u00e1ny Tam\u00e1sn\u00e9 Ingrid dajka\" width=\"200\" height=\"300\" srcset=\"https:\/\/www.mezeskalacs-ovoda.hu\/wp-content\/uploads\/2018\/02\/DSC09667-D\u00e9k\u00e1ny-Tam\u00e1sn\u00e9-Ingrid-dajka-200x300.jpg 200w, https:\/\/www.mezeskalacs-ovoda.hu\/wp-content\/uploads\/2018\/02\/DSC09667-D\u00e9k\u00e1ny-Tam\u00e1sn\u00e9-Ingrid-dajka.jpg 600w\" sizes=\"(max-width: 200px) 100vw, 200px\" \/><\/a><strong>D\u00e9k\u00e1ny Tam\u00e1sn\u00e9 Ingrid<\/strong><\/td><td style=\"text-align: center;\"><strong><a href=\"http:\/\/www.mezeskalacs-ovoda.hu\/?attachment_id=2540\" rel=\"attachment wp-att-2540\"><img loading=\"lazy\" class=\"size-medium wp-image-2540 aligncenter\" src=\"http:\/\/www.mezeskalacs-ovoda.hu\/wp-content\/uploads\/2024\/02\/Marton-Veronika-dajka-200x300.jpg\" alt=\"\" width=\"200\" height=\"300\" srcset=\"https:\/\/www.mezeskalacs-ovoda.hu\/wp-content\/uploads\/2024\/02\/Marton-Veronika-dajka-200x300.jpg 200w, https:\/\/www.mezeskalacs-ovoda.hu\/wp-content\/uploads\/2024\/02\/Marton-Veronika-dajka-683x1024.jpg 683w, https:\/\/www.mezeskalacs-ovoda.hu\/wp-content\/uploads\/2024\/02\/Marton-Veronika-dajka-768x1152.jpg 768w, https:\/\/www.mezeskalacs-ovoda.hu\/wp-content\/uploads\/2024\/02\/Marton-Veronika-dajka-1024x1536.jpg 1024w, https:\/\/www.mezeskalacs-ovoda.hu\/wp-content\/uploads\/2024\/02\/Marton-Veronika-dajka-1365x2048.jpg 1365w, https:\/\/www.mezeskalacs-ovoda.hu\/wp-content\/uploads\/2024\/02\/Marton-Veronika-dajka-scaled.jpg 1707w\" sizes=\"(max-width: 200px) 100vw, 200px\" \/><\/a>M\u00e1rton Veronika<br \/><\/strong><\/td><\/tr><tr><td style=\"text-align: center;\">\u00a0<\/td><td style=\"text-align: center;\">\u00a0<\/td><\/tr><tr><td style=\"text-align: center;\"><a href=\"http:\/\/www.mezeskalacs-ovoda.hu\/wp-content\/uploads\/2018\/02\/DSC09642-Magyarn\u00e9-Nemes-Andrea-dajka.jpg\"><img loading=\"lazy\" class=\"size-medium wp-image-1620 aligncenter\" src=\"http:\/\/www.mezeskalacs-ovoda.hu\/wp-content\/uploads\/2018\/02\/DSC09642-Magyarn\u00e9-Nemes-Andrea-dajka-200x300.jpg\" alt=\"DSC09642 Magyarn\u00e9 Nemes Andrea dajka\" width=\"200\" height=\"300\" srcset=\"https:\/\/www.mezeskalacs-ovoda.hu\/wp-content\/uploads\/2018\/02\/DSC09642-Magyarn\u00e9-Nemes-Andrea-dajka-200x300.jpg 200w, https:\/\/www.mezeskalacs-ovoda.hu\/wp-content\/uploads\/2018\/02\/DSC09642-Magyarn\u00e9-Nemes-Andrea-dajka.jpg 600w\" sizes=\"(max-width: 200px) 100vw, 200px\" \/><\/a><strong>Magyarn\u00e9 Nemes Andrea<\/strong><\/td><td style=\"text-align: center;\"><a href=\"http:\/\/www.mezeskalacs-ovoda.hu\/wp-content\/uploads\/2018\/02\/DSC09643-Lakatos-Ildik\u00f3-dajka.jpg\"><img loading=\"lazy\" class=\"size-medium wp-image-1621 aligncenter\" src=\"http:\/\/www.mezeskalacs-ovoda.hu\/wp-content\/uploads\/2018\/02\/DSC09643-Lakatos-Ildik\u00f3-dajka-200x300.jpg\" alt=\"DSC09643 Lakatos Ildik\u00f3 dajka\" width=\"200\" height=\"300\" srcset=\"https:\/\/www.mezeskalacs-ovoda.hu\/wp-content\/uploads\/2018\/02\/DSC09643-Lakatos-Ildik\u00f3-dajka-200x300.jpg 200w, https:\/\/www.mezeskalacs-ovoda.hu\/wp-content\/uploads\/2018\/02\/DSC09643-Lakatos-Ildik\u00f3-dajka.jpg 600w\" sizes=\"(max-width: 200px) 100vw, 200px\" \/><\/a><strong>Lakatos Ildik\u00f3<\/strong><\/td><\/tr><tr><td style=\"text-align: center;\">\u00a0<\/td><td style=\"text-align: center;\">\u00a0<\/td><\/tr><tr><td style=\"text-align: center;\"><a href=\"http:\/\/www.mezeskalacs-ovoda.hu\/wp-content\/uploads\/2018\/02\/DSC09654T\u00f3bi\u00e1s-Norbertn\u00e9-Erika-dajka.jpg\"><img loading=\"lazy\" class=\"size-medium wp-image-1622 aligncenter\" src=\"http:\/\/www.mezeskalacs-ovoda.hu\/wp-content\/uploads\/2018\/02\/DSC09654T\u00f3bi\u00e1s-Norbertn\u00e9-Erika-dajka-200x300.jpg\" alt=\"DSC09654T\u00f3bi\u00e1s Norbertn\u00e9 Erika dajka\" width=\"200\" height=\"300\" srcset=\"https:\/\/www.mezeskalacs-ovoda.hu\/wp-content\/uploads\/2018\/02\/DSC09654T\u00f3bi\u00e1s-Norbertn\u00e9-Erika-dajka-200x300.jpg 200w, https:\/\/www.mezeskalacs-ovoda.hu\/wp-content\/uploads\/2018\/02\/DSC09654T\u00f3bi\u00e1s-Norbertn\u00e9-Erika-dajka.jpg 600w\" sizes=\"(max-width: 200px) 100vw, 200px\" \/><\/a><strong>T\u00f3bi\u00e1s Norbertn\u00e9 Erika<\/strong><\/td><td style=\"text-align: center;\">\u00a0<\/td><\/tr><tr><td style=\"text-align: center;\"><strong>\u00a0<\/strong><\/td><td style=\"text-align: center;\">\u00a0<\/td><\/tr><tr><td style=\"text-align: center;\">\u00a0<\/td><td style=\"text-align: center;\">\u00a0<\/td><\/tr><tr><td style=\"text-align: center;\">\u00a0<\/td><td style=\"text-align: center;\">\u00a0<\/td><\/tr><tr><td style=\"text-align: center;\">\u00a0<\/td><td style=\"text-align: center;\">\u00a0<\/td><\/tr><tr><td style=\"text-align: center;\">\u00a0<\/td><td style=\"text-align: center;\">\u00a0<\/td><\/tr><\/tbody><\/table><p style=\"text-align: center;\">\u00a0<\/p>\t\t\t\t\t<\/div>\n\t\t\t\t\t\t<\/div>\n\t\t\t\t<\/div>\n\t\t\t\t\t\t<\/div>\n\t\t\t\t\t<\/div>\n\t\t<\/div>\n\t\t\t\t\t\t\t\t<\/div>\n\t\t\t\t\t<\/div>\n\t\t<\/section>\n\t\t\t\t\t\t\t\t\t<\/div>\n\t\t\t<\/div>\n\t\t\t\t\t<\/div>\n\t\t","protected":false},"excerpt":{"rendered":"<div class=\"mh-excerpt\"><p>Nagyn\u00e9 Szekeres M\u00e1rtaf\u0151igazgat\u00f3 Ferenczyn\u00e9 Gomb\u00e1s Gy\u00f6ngyi\u00f3vodatitk\u00e1r \u00d3vodapedag\u00f3gusok Margar\u00e9ta csoport Sink\u00f3n\u00e9 Meszl\u00e9nyi Ildik\u00f3f\u0151igazgat\u00f3 helyettes L\u00e1z\u00e1r Barbara Bogl\u00e1rka csoport B\u00e9rin\u00e9 Aradi Borb\u00e1la Szili-Feh\u00e9rv\u00e1ri Gerda Napraforg\u00f3 csoport Bakos <a class=\"mh-excerpt-more\" href=\"https:\/\/www.mezeskalacs-ovoda.hu\/?page_id=423\" title=\"Munkat\u00e1rsak\">[&#8230;]<\/a><\/p>\n<\/div>","protected":false},"author":5,"featured_media":0,"parent":0,"menu_order":0,"comment_status":"open","ping_status":"closed","template":"","meta":[],"_links":{"self":[{"href":"https:\/\/www.mezeskalacs-ovoda.hu\/index.php?rest_route=\/wp\/v2\/pages\/423"}],"collection":[{"href":"https:\/\/www.mezeskalacs-ovoda.hu\/index.php?rest_route=\/wp\/v2\/pages"}],"about":[{"href":"https:\/\/www.mezeskalacs-ovoda.hu\/index.php?rest_route=\/wp\/v2\/types\/page"}],"author":[{"embeddable":true,"href":"https:\/\/www.mezeskalacs-ovoda.hu\/index.php?rest_route=\/wp\/v2\/users\/5"}],"replies":[{"embeddable":true,"href":"https:\/\/www.mezeskalacs-ovoda.hu\/index.php?rest_route=%2Fwp%2Fv2%2Fcomments&post=423"}],"version-history":[{"count":113,"href":"https:\/\/www.mezeskalacs-ovoda.hu\/index.php?rest_route=\/wp\/v2\/pages\/423\/revisions"}],"predecessor-version":[{"id":2655,"href":"https:\/\/www.mezeskalacs-ovoda.hu\/index.php?rest_route=\/wp\/v2\/pages\/423\/revisions\/2655"}],"wp:attachment":[{"href":"https:\/\/www.mezeskalacs-ovoda.hu\/index.php?rest_route=%2Fwp%2Fv2%2Fmedia&parent=423"}],"curies":[{"name":"wp","href":"https:\/\/api.w.org\/{rel}","templated":true}]}}